{"id":199,"date":"2023-04-11T17:09:11","date_gmt":"2023-04-11T16:09:11","guid":{"rendered":"https:\/\/ambluanda.esteri.it\/news\/"},"modified":"2023-06-20T17:25:20","modified_gmt":"2023-06-20T16:25:20","slug":"news","status":"publish","type":"page","link":"https:\/\/ambluanda.esteri.it\/pt\/news\/","title":{"rendered":"Not\u00edcias"},"content":{"rendered":"        <div class=\"row\">\n\t\t\t<!-- Ricerca sedi post -->\n\t\t\t<div class=\"col-12 mt-4\">\n\t\t\t  <div class=\"callout callout-highlight note ricerca-esteri p-4\">\n                    <div class=\"callout-title\">\n                        <svg class=\"icon\">\n                            <use xlink:href=\"https:\/\/ambluanda.esteri.it\/wp-content\/themes\/sedi-tema\/assets\/svg\/sprites.svg#it-search\"><\/use>\n                        <\/svg>Insira seus par\u00e2metros de pesquisa                    <\/div>\n                    <form id=\"searchFormPost\" name=\"form-search-post\" class=\"form-row align-items-center\" action=\"https:\/\/ambluanda.esteri.it\/pt\/wp-json\/wp\/v2\/pages\/199\/\" method=\"GET\"> \n                        <!-- <div class=\"form-group pt-5\"> -->\n                            <!-- <input type=\"hidden\" id=\"lang\" name=\"lang\" value=\"\"> --> <!-- <\/div> -->\n\n                        <div class=\"it-datepicker-wrapper\">\n                            <div class=\"row\">\n                                <div class=\"form-group col-md-6\">\n                                    <label class=\"active\" for=\"date-init\">De<\/label>\n                                    <input class=\"form-control\" name=\"date-init\" id=\"date-init\" type=\"date\" placeholder=\"gg\/mm\/aaaa\" value=\"\"lang=\"en-EN\">  \n                                <\/div>\n                                <div class=\"form-group col-md-6\">\n                                    <label class=\"active\" for=\"date-end\">Para o<\/label>\n                                    <input class=\"form-control\" name=\"date-end\" id=\"date-end\" type=\"date\" placeholder=\"gg\/mm\/aaaa\" value=\"\">\n                                <\/div>\n                            <\/div>\n                        <\/div>\n                        <div class=\"form-group col-md-12 mt-3\">\n                            <label for=\"searchText\">Campo de pesquisa gratuito<\/label>\n                            <input type=\"text\" name=\"searchText\" class=\"form-control\" id=\"searchText\" value=\"\">\n                        <\/div>\n                        <div class=\"form-group col-md-4 offset-md-8 text-end\">\n                            <a href=\"https:\/\/ambluanda.esteri.it\/pt\/news\/\" title=\"Form reset\" id=\"resetImput\" class=\"btn btn-outline-primary btn-xs\">Reset<\/a>\n                            <button type=\"submit\" class=\"btn btn-primary btn-xs\">Mostrar resultados<\/button>\n                        <\/div>\n                    <\/form>\n\t\t\t\t<\/div>\n\t\t\t<\/div>\n\t\t<\/div>\n                    \n            <div class=\"row\">\n                            <div class=\"col-12 mt-3\">\n                <!--start card-->\n                <div class=\"card-wrapper card-space\">\n                    <div class=\"card card-bg card-big border-bottom-card\">\n                        <div class=\"card-body \">\n                                                        <div class=\"category-top\">\n                                                                                                            <span class=\"\">\n                                        <svg class=\"icon icon-secondary\">\n                                            <use xlink:href=\"https:\/\/ambluanda.esteri.it\/wp-content\/themes\/sedi-tema\/assets\/svg\/sprites.svg#it-calendar\"><\/use>\n                                        <\/svg> 28 July 2026                                    <\/span>\n                                                                    <\/div>\n                            <h5 class=\"card-title big-heading text-uppercase\"><a class=\"text-body text-decoration-none\" href=\"https:\/\/ambluanda.esteri.it\/pt\/news\/dall_ambasciata\/2026\/07\/a-italia-reforca-a-cooperacao-economica-com-angola-na-filda-2026\/\" title=\"It\u00e1lia refor\u00e7a a coopera\u00e7\u00e3o econ\u00f3mica com Angola na FILDA 2026\">It\u00e1lia refor\u00e7a a coopera\u00e7\u00e3o econ\u00f3mica com Angola na FILDA 2026<\/a><\/h5>\n                            <p class=\"card-text\">A It\u00e1lia participou na 41.\u00aa edi\u00e7\u00e3o da Feira Internacional de Luanda (FILDA), encerrada no domingo, 26 de Julho, atrav\u00e9s de uma participa\u00e7\u00e3o colectiva promovida pela Italian Trade Agency (ITA), com 10 empresas italianas que apresentaram solu\u00e7\u00f5es inovadoras nos sectores da agro-ind\u00fastria, da maquinaria agr\u00edcola, da gest\u00e3o de res\u00edduos, da ind\u00fastria alimentar, do sector mineiro e [&hellip;]<\/p>\n                                <a title=\"It\u00e1lia refor\u00e7a a coopera\u00e7\u00e3o econ\u00f3mica com Angola na FILDA 2026\" class=\"read-more\" href=\"https:\/\/ambluanda.esteri.it\/pt\/news\/dall_ambasciata\/2026\/07\/a-italia-reforca-a-cooperacao-economica-com-angola-na-filda-2026\/\">\n                                    <span class=\"text\">Leia mais<\/span>\n                                    <svg class=\"icon\">\n                                    <use xlink:href=\"https:\/\/ambluanda.esteri.it\/wp-content\/themes\/sedi-tema\/assets\/svg\/sprites.svg#it-arrow-right\"><\/use>\n                                    <\/svg>\n                                <\/a>\n                                                    <\/div>\n                    <\/div>\n                <\/div>\n                <!--end card-->\n                <\/div><!-- col-12 .mt-3-->\n                            <div class=\"col-12 mt-3\">\n                <!--start card-->\n                <div class=\"card-wrapper card-space\">\n                    <div class=\"card card-bg card-big border-bottom-card\">\n                        <div class=\"card-body \">\n                                                        <div class=\"category-top\">\n                                                                                                            <span class=\"\">\n                                        <svg class=\"icon icon-secondary\">\n                                            <use xlink:href=\"https:\/\/ambluanda.esteri.it\/wp-content\/themes\/sedi-tema\/assets\/svg\/sprites.svg#it-calendar\"><\/use>\n                                        <\/svg> 3 July 2026                                    <\/span>\n                                                                    <\/div>\n                            <h5 class=\"card-title big-heading text-uppercase\"><a class=\"text-body text-decoration-none\" href=\"https:\/\/ambluanda.esteri.it\/pt\/news\/dall_ambasciata\/2026\/07\/italia-apoia-projecto-de-desenvolvimento-agro-pecuario-no-leste-de-angola\/\" title=\"It\u00e1lia apoia projecto de desenvolvimento agro-pecu\u00e1rio no Leste de Angola\">It\u00e1lia apoia projecto de desenvolvimento agro-pecu\u00e1rio no Leste de Angola<\/a><\/h5>\n                            <p class=\"card-text\">O Embaixador de It\u00e1lia em Angola, Marco Ricci, participou, no dia 25 de Junho, na cerim\u00f3nia de lan\u00e7amento do Projecto de Desenvolvimento de Cadeias de Valor Agro-Pecu\u00e1ria na Regi\u00e3o Leste de Angola (PDCVARL), realizada no Hotel EPIC SANA, em Luanda, sob a presid\u00eancia do Ministro da Agricultura e Florestas de Angola, Isaac dos Anjos. O [&hellip;]<\/p>\n                                <a title=\"It\u00e1lia apoia projecto de desenvolvimento agro-pecu\u00e1rio no Leste de Angola\" class=\"read-more\" href=\"https:\/\/ambluanda.esteri.it\/pt\/news\/dall_ambasciata\/2026\/07\/italia-apoia-projecto-de-desenvolvimento-agro-pecuario-no-leste-de-angola\/\">\n                                    <span class=\"text\">Leia mais<\/span>\n                                    <svg class=\"icon\">\n                                    <use xlink:href=\"https:\/\/ambluanda.esteri.it\/wp-content\/themes\/sedi-tema\/assets\/svg\/sprites.svg#it-arrow-right\"><\/use>\n                                    <\/svg>\n                                <\/a>\n                                                    <\/div>\n                    <\/div>\n                <\/div>\n                <!--end card-->\n                <\/div><!-- col-12 .mt-3-->\n                            <div class=\"col-12 mt-3\">\n                <!--start card-->\n                <div class=\"card-wrapper card-space\">\n                    <div class=\"card card-bg card-big border-bottom-card\">\n                        <div class=\"card-body \">\n                                                        <div class=\"category-top\">\n                                                                                                            <span class=\"\">\n                                        <svg class=\"icon icon-secondary\">\n                                            <use xlink:href=\"https:\/\/ambluanda.esteri.it\/wp-content\/themes\/sedi-tema\/assets\/svg\/sprites.svg#it-calendar\"><\/use>\n                                        <\/svg> 2 July 2026                                    <\/span>\n                                                                    <\/div>\n                            <h5 class=\"card-title big-heading text-uppercase\"><a class=\"text-body text-decoration-none\" href=\"https:\/\/ambluanda.esteri.it\/pt\/news\/dall_ambasciata\/2026\/07\/embaixador-de-italia-participa-na-inauguracao-de-infra-estruturas-estrategicas-no-porto-de-luanda\/\" title=\"Embaixador de It\u00e1lia participa na inaugura\u00e7\u00e3o de infra-estruturas estrat\u00e9gicas no Porto de Luanda\">Embaixador de It\u00e1lia participa na inaugura\u00e7\u00e3o de infra-estruturas estrat\u00e9gicas no Porto de Luanda<\/a><\/h5>\n                            <p class=\"card-text\">O Embaixador de It\u00e1lia em Angola, Marco Ricci, participou, no dia 30 de Junho, na cerim\u00f3nia de inaugura\u00e7\u00e3o de um conjunto de infra-estruturas estrat\u00e9gicas no Porto de Luanda, um investimento que refor\u00e7a a moderniza\u00e7\u00e3o do sector mar\u00edtimo-portu\u00e1rio angolano e a capacidade operacional do principal porto do Pa\u00eds. Entre as infra-estruturas inauguradas destaca-se a nova Substa\u00e7\u00e3o [&hellip;]<\/p>\n                                <a title=\"Embaixador de It\u00e1lia participa na inaugura\u00e7\u00e3o de infra-estruturas estrat\u00e9gicas no Porto de Luanda\" class=\"read-more\" href=\"https:\/\/ambluanda.esteri.it\/pt\/news\/dall_ambasciata\/2026\/07\/embaixador-de-italia-participa-na-inauguracao-de-infra-estruturas-estrategicas-no-porto-de-luanda\/\">\n                                    <span class=\"text\">Leia mais<\/span>\n                                    <svg class=\"icon\">\n                                    <use xlink:href=\"https:\/\/ambluanda.esteri.it\/wp-content\/themes\/sedi-tema\/assets\/svg\/sprites.svg#it-arrow-right\"><\/use>\n                                    <\/svg>\n                                <\/a>\n                                                    <\/div>\n                    <\/div>\n                <\/div>\n                <!--end card-->\n                <\/div><!-- col-12 .mt-3-->\n                            <div class=\"col-12 mt-3\">\n                <!--start card-->\n                <div class=\"card-wrapper card-space\">\n                    <div class=\"card card-bg card-big border-bottom-card\">\n                        <div class=\"card-body \">\n                                                        <div class=\"category-top\">\n                                                                                                            <span class=\"\">\n                                        <svg class=\"icon icon-secondary\">\n                                            <use xlink:href=\"https:\/\/ambluanda.esteri.it\/wp-content\/themes\/sedi-tema\/assets\/svg\/sprites.svg#it-calendar\"><\/use>\n                                        <\/svg> 30 June 2026                                    <\/span>\n                                                                    <\/div>\n                            <h5 class=\"card-title big-heading text-uppercase\"><a class=\"text-body text-decoration-none\" href=\"https:\/\/ambluanda.esteri.it\/pt\/news\/dall_ambasciata\/2026\/06\/italia-e-angola-reforcam-cooperacao-no-dominio-da-energia-limpa-e-do-desenvolvimento-sustentavel\/\" title=\"It\u00e1lia e Angola refor\u00e7am coopera\u00e7\u00e3o no dom\u00ednio da energia limpa e do desenvolvimento sustent\u00e1vel\">It\u00e1lia e Angola refor\u00e7am coopera\u00e7\u00e3o no dom\u00ednio da energia limpa e do desenvolvimento sustent\u00e1vel<\/a><\/h5>\n                            <p class=\"card-text\">A ENE \u2013 Natural Energies, em parceria com os Salesianos de Dom Bosco e a CUAMM \u2013 M\u00e9dicos com \u00c1frica, inaugurou, no dia 23 de Junho, em Luanda, um novo centro de produ\u00e7\u00e3o de fog\u00f5es melhorados, no \u00e2mbito do programa &#8220;Eni for Clean Cooking&#8221;, iniciativa que refor\u00e7a a coopera\u00e7\u00e3o entre It\u00e1lia e Angola na promo\u00e7\u00e3o [&hellip;]<\/p>\n                                <a title=\"It\u00e1lia e Angola refor\u00e7am coopera\u00e7\u00e3o no dom\u00ednio da energia limpa e do desenvolvimento sustent\u00e1vel\" class=\"read-more\" href=\"https:\/\/ambluanda.esteri.it\/pt\/news\/dall_ambasciata\/2026\/06\/italia-e-angola-reforcam-cooperacao-no-dominio-da-energia-limpa-e-do-desenvolvimento-sustentavel\/\">\n                                    <span class=\"text\">Leia mais<\/span>\n                                    <svg class=\"icon\">\n                                    <use xlink:href=\"https:\/\/ambluanda.esteri.it\/wp-content\/themes\/sedi-tema\/assets\/svg\/sprites.svg#it-arrow-right\"><\/use>\n                                    <\/svg>\n                                <\/a>\n                                                    <\/div>\n                    <\/div>\n                <\/div>\n                <!--end card-->\n                <\/div><!-- col-12 .mt-3-->\n                            <div class=\"col-12 mt-3\">\n                <!--start card-->\n                <div class=\"card-wrapper card-space\">\n                    <div class=\"card card-bg card-big border-bottom-card\">\n                        <div class=\"card-body \">\n                                                        <div class=\"category-top\">\n                                                                                                            <span class=\"\">\n                                        <svg class=\"icon icon-secondary\">\n                                            <use xlink:href=\"https:\/\/ambluanda.esteri.it\/wp-content\/themes\/sedi-tema\/assets\/svg\/sprites.svg#it-calendar\"><\/use>\n                                        <\/svg> 16 June 2026                                    <\/span>\n                                                                    <\/div>\n                            <h5 class=\"card-title big-heading text-uppercase\"><a class=\"text-body text-decoration-none\" href=\"https:\/\/ambluanda.esteri.it\/pt\/news\/dall_ambasciata\/2026\/06\/borse-di-studio-maeci-a-a-2026-2027-pubblicazione-graduatoria\/\" title=\"Bolsas de estudo MAECI para o ano lectivo 2026-2027. Publica\u00e7\u00e3o dos resultados\">Bolsas de estudo MAECI para o ano lectivo 2026-2027. Publica\u00e7\u00e3o dos resultados<\/a><\/h5>\n                            <p class=\"card-text\">Foram publicadas as listas de classifica\u00e7\u00e3o final para Angola e S\u00e3o Tom\u00e9 e Pr\u00edncipe do concurso para a atribui\u00e7\u00e3o de bolsas de estudo do Minist\u00e9rio dos Neg\u00f3cios Estrangeiros e da Coopera\u00e7\u00e3o Internacional para o ano lectivo de 2026\/2027, destinadas a estudantes estrangeiros e a cidad\u00e3os italianos residentes no estrangeiro (IRE). Os vencedores ser\u00e3o notificados directamente [&hellip;]<\/p>\n                                <a title=\"Bolsas de estudo MAECI para o ano lectivo 2026-2027. Publica\u00e7\u00e3o dos resultados\" class=\"read-more\" href=\"https:\/\/ambluanda.esteri.it\/pt\/news\/dall_ambasciata\/2026\/06\/borse-di-studio-maeci-a-a-2026-2027-pubblicazione-graduatoria\/\">\n                                    <span class=\"text\">Leia mais<\/span>\n                                    <svg class=\"icon\">\n                                    <use xlink:href=\"https:\/\/ambluanda.esteri.it\/wp-content\/themes\/sedi-tema\/assets\/svg\/sprites.svg#it-arrow-right\"><\/use>\n                                    <\/svg>\n                                <\/a>\n                                                    <\/div>\n                    <\/div>\n                <\/div>\n                <!--end card-->\n                <\/div><!-- col-12 .mt-3-->\n                            <div class=\"col-12 mt-3\">\n                <!--start card-->\n                <div class=\"card-wrapper card-space\">\n                    <div class=\"card card-bg card-big border-bottom-card\">\n                        <div class=\"card-body \">\n                                                        <div class=\"category-top\">\n                                                                                                            <span class=\"\">\n                                        <svg class=\"icon icon-secondary\">\n                                            <use xlink:href=\"https:\/\/ambluanda.esteri.it\/wp-content\/themes\/sedi-tema\/assets\/svg\/sprites.svg#it-calendar\"><\/use>\n                                        <\/svg> 11 June 2026                                    <\/span>\n                                                                    <\/div>\n                            <h5 class=\"card-title big-heading text-uppercase\"><a class=\"text-body text-decoration-none\" href=\"https:\/\/ambluanda.esteri.it\/pt\/news\/dall_ambasciata\/2026\/06\/borse-di-studio-litalia-corre-verso-il-futuro-ii-edizione\/\" title=\"Bolsas de Estudo \u201cA It\u00e1lia corre rumo ao futuro\u201d \u2013 II Edi\u00e7\u00e3o\">Bolsas de Estudo \u201cA It\u00e1lia corre rumo ao futuro\u201d \u2013 II Edi\u00e7\u00e3o<\/a><\/h5>\n                            <p class=\"card-text\">O Minist\u00e9rio dos Neg\u00f3cios Estrangeiros e da Coopera\u00e7\u00e3o Internacional (MAECI), em colabora\u00e7\u00e3o com a Universidade de Roma \u201cForo Italico\u201d, uma das institui\u00e7\u00f5es mais prestigiadas na investiga\u00e7\u00e3o cient\u00edfica e na forma\u00e7\u00e3o acad\u00e9mica nas \u00e1reas das ci\u00eancias do desporto e da actividade f\u00edsica, lan\u00e7ou a II edi\u00e7\u00e3o do programa de bolsas de estudo \u201cA It\u00e1lia corre rumo [&hellip;]<\/p>\n                                <a title=\"Bolsas de Estudo \u201cA It\u00e1lia corre rumo ao futuro\u201d \u2013 II Edi\u00e7\u00e3o\" class=\"read-more\" href=\"https:\/\/ambluanda.esteri.it\/pt\/news\/dall_ambasciata\/2026\/06\/borse-di-studio-litalia-corre-verso-il-futuro-ii-edizione\/\">\n                                    <span class=\"text\">Leia mais<\/span>\n                                    <svg class=\"icon\">\n                                    <use xlink:href=\"https:\/\/ambluanda.esteri.it\/wp-content\/themes\/sedi-tema\/assets\/svg\/sprites.svg#it-arrow-right\"><\/use>\n                                    <\/svg>\n                                <\/a>\n                                                    <\/div>\n                    <\/div>\n                <\/div>\n                <!--end card-->\n                <\/div><!-- col-12 .mt-3-->\n                            <div class=\"col-12 mt-3\">\n                <!--start card-->\n                <div class=\"card-wrapper card-space\">\n                    <div class=\"card card-bg card-big border-bottom-card\">\n                        <div class=\"card-body \">\n                                                        <div class=\"category-top\">\n                                                                                                            <span class=\"\">\n                                        <svg class=\"icon icon-secondary\">\n                                            <use xlink:href=\"https:\/\/ambluanda.esteri.it\/wp-content\/themes\/sedi-tema\/assets\/svg\/sprites.svg#it-calendar\"><\/use>\n                                        <\/svg> 11 June 2026                                    <\/span>\n                                                                    <\/div>\n                            <h5 class=\"card-title big-heading text-uppercase\"><a class=\"text-body text-decoration-none\" href=\"https:\/\/ambluanda.esteri.it\/pt\/news\/dall_ambasciata\/2026\/06\/lambasciata-ditalia-conclude-il-ciclo-di-documentari-a-luanda\/\" title=\"Embaixada de It\u00e1lia encerra ciclo de document\u00e1rios em Luanda\">Embaixada de It\u00e1lia encerra ciclo de document\u00e1rios em Luanda<\/a><\/h5>\n                            <p class=\"card-text\">Concluiu-se na ter\u00e7a-feira, 9 de Junho de 2026, no Memorial Dr. Ant\u00f3nio Agostinho Neto, em Luanda, o ciclo de projec\u00e7\u00e3o de document\u00e1rios promovido pela Embaixada de It\u00e1lia em Angola, integrado nas comemora\u00e7\u00f5es do 50.\u00ba anivers\u00e1rio das rela\u00e7\u00f5es diplom\u00e1ticas entre os dois pa\u00edses. A sess\u00e3o de encerramento foi marcada pela exibi\u00e7\u00e3o do document\u00e1rio \u201cAfrica nera \/ [&hellip;]<\/p>\n                                <a title=\"Embaixada de It\u00e1lia encerra ciclo de document\u00e1rios em Luanda\" class=\"read-more\" href=\"https:\/\/ambluanda.esteri.it\/pt\/news\/dall_ambasciata\/2026\/06\/lambasciata-ditalia-conclude-il-ciclo-di-documentari-a-luanda\/\">\n                                    <span class=\"text\">Leia mais<\/span>\n                                    <svg class=\"icon\">\n                                    <use xlink:href=\"https:\/\/ambluanda.esteri.it\/wp-content\/themes\/sedi-tema\/assets\/svg\/sprites.svg#it-arrow-right\"><\/use>\n                                    <\/svg>\n                                <\/a>\n                                                    <\/div>\n                    <\/div>\n                <\/div>\n                <!--end card-->\n                <\/div><!-- col-12 .mt-3-->\n                            <div class=\"col-12 mt-3\">\n                <!--start card-->\n                <div class=\"card-wrapper card-space\">\n                    <div class=\"card card-bg card-big border-bottom-card\">\n                        <div class=\"card-body \">\n                                                        <div class=\"category-top\">\n                                                                                                            <span class=\"\">\n                                        <svg class=\"icon icon-secondary\">\n                                            <use xlink:href=\"https:\/\/ambluanda.esteri.it\/wp-content\/themes\/sedi-tema\/assets\/svg\/sprites.svg#it-calendar\"><\/use>\n                                        <\/svg> 8 June 2026                                    <\/span>\n                                                                    <\/div>\n                            <h5 class=\"card-title big-heading text-uppercase\"><a class=\"text-body text-decoration-none\" href=\"https:\/\/ambluanda.esteri.it\/pt\/news\/dall_ambasciata\/2026\/06\/embaixada-de-italia-em-angola-celebra-50-anos-de-relacoes-diplomaticas-com-concerto-e-exposicao\/\" title=\"Embaixada de It\u00e1lia em Angola celebra 50 anos de rela\u00e7\u00f5es diplom\u00e1ticas com concerto e exposi\u00e7\u00e3o\">Embaixada de It\u00e1lia em Angola celebra 50 anos de rela\u00e7\u00f5es diplom\u00e1ticas com concerto e exposi\u00e7\u00e3o<\/a><\/h5>\n                            <p class=\"card-text\">A Embaixada de It\u00e1lia em Angola celebrou, na passada quinta-feira, 4 de Junho de 2026, o 50.\u00ba anivers\u00e1rio das rela\u00e7\u00f5es diplom\u00e1ticas entre a It\u00e1lia e Angola, com uma noite de m\u00fasica e cultura que reuniu autoridades angolanas, representantes do corpo diplom\u00e1tico, membros da comunidade italiana e numerosos amigos dos dois pa\u00edses. A cerim\u00f3nia contou com [&hellip;]<\/p>\n                                <a title=\"Embaixada de It\u00e1lia em Angola celebra 50 anos de rela\u00e7\u00f5es diplom\u00e1ticas com concerto e exposi\u00e7\u00e3o\" class=\"read-more\" href=\"https:\/\/ambluanda.esteri.it\/pt\/news\/dall_ambasciata\/2026\/06\/embaixada-de-italia-em-angola-celebra-50-anos-de-relacoes-diplomaticas-com-concerto-e-exposicao\/\">\n                                    <span class=\"text\">Leia mais<\/span>\n                                    <svg class=\"icon\">\n                                    <use xlink:href=\"https:\/\/ambluanda.esteri.it\/wp-content\/themes\/sedi-tema\/assets\/svg\/sprites.svg#it-arrow-right\"><\/use>\n                                    <\/svg>\n                                <\/a>\n                                                    <\/div>\n                    <\/div>\n                <\/div>\n                <!--end card-->\n                <\/div><!-- col-12 .mt-3-->\n                            <div class=\"col-12 mt-3\">\n                <!--start card-->\n                <div class=\"card-wrapper card-space\">\n                    <div class=\"card card-bg card-big border-bottom-card\">\n                        <div class=\"card-body \">\n                                                        <div class=\"category-top\">\n                                                                                                            <span class=\"\">\n                                        <svg class=\"icon icon-secondary\">\n                                            <use xlink:href=\"https:\/\/ambluanda.esteri.it\/wp-content\/themes\/sedi-tema\/assets\/svg\/sprites.svg#it-calendar\"><\/use>\n                                        <\/svg> 5 June 2026                                    <\/span>\n                                                                    <\/div>\n                            <h5 class=\"card-title big-heading text-uppercase\"><a class=\"text-body text-decoration-none\" href=\"https:\/\/ambluanda.esteri.it\/pt\/news\/dall_ambasciata\/2026\/06\/embaixada-de-italia-assinala-em-luanda-o-80-o-aniversario-da-republica-italiana\/\" title=\"Embaixada de It\u00e1lia assinala em Luanda o 80.\u00ba anivers\u00e1rio da Rep\u00fablica Italiana\">Embaixada de It\u00e1lia assinala em Luanda o 80.\u00ba anivers\u00e1rio da Rep\u00fablica Italiana<\/a><\/h5>\n                            <p class=\"card-text\">A Embaixada de It\u00e1lia em Angola assinalou, no dia 2 de Junho, o 80.\u00ba anivers\u00e1rio da Rep\u00fablica Italiana, com um evento realizado na Resid\u00eancia do Embaixador de It\u00e1lia em Luanda. Por ocasi\u00e3o da efem\u00e9ride, foi acolhida na Resid\u00eancia a exposi\u00e7\u00e3o fotogr\u00e1fica \u00abAs Mulheres da Rep\u00fablica. Oitenta anos de conquistas nas cr\u00f3nicas da ANSA (1946-2026)\u00bb, dedicada [&hellip;]<\/p>\n                                <a title=\"Embaixada de It\u00e1lia assinala em Luanda o 80.\u00ba anivers\u00e1rio da Rep\u00fablica Italiana\" class=\"read-more\" href=\"https:\/\/ambluanda.esteri.it\/pt\/news\/dall_ambasciata\/2026\/06\/embaixada-de-italia-assinala-em-luanda-o-80-o-aniversario-da-republica-italiana\/\">\n                                    <span class=\"text\">Leia mais<\/span>\n                                    <svg class=\"icon\">\n                                    <use xlink:href=\"https:\/\/ambluanda.esteri.it\/wp-content\/themes\/sedi-tema\/assets\/svg\/sprites.svg#it-arrow-right\"><\/use>\n                                    <\/svg>\n                                <\/a>\n                                                    <\/div>\n                    <\/div>\n                <\/div>\n                <!--end card-->\n                <\/div><!-- col-12 .mt-3-->\n                            <div class=\"col-12 mt-3\">\n                <!--start card-->\n                <div class=\"card-wrapper card-space\">\n                    <div class=\"card card-bg card-big border-bottom-card\">\n                        <div class=\"card-body \">\n                                                        <div class=\"category-top\">\n                                                                                                            <span class=\"\">\n                                        <svg class=\"icon icon-secondary\">\n                                            <use xlink:href=\"https:\/\/ambluanda.esteri.it\/wp-content\/themes\/sedi-tema\/assets\/svg\/sprites.svg#it-calendar\"><\/use>\n                                        <\/svg> 14 May 2026                                    <\/span>\n                                                                    <\/div>\n                            <h5 class=\"card-title big-heading text-uppercase\"><a class=\"text-body text-decoration-none\" href=\"https:\/\/ambluanda.esteri.it\/pt\/news\/dall_ambasciata\/2026\/05\/prima-giornata-nazionale-dei-musei-rafforza-la-cooperazione-culturale-tra-angola-e-italia\/\" title=\"1.\u00aa Jornada Nacional dos Museus refor\u00e7a coopera\u00e7\u00e3o cultural entre It\u00e1lia e Angola\">1.\u00aa Jornada Nacional dos Museus refor\u00e7a coopera\u00e7\u00e3o cultural entre It\u00e1lia e Angola<\/a><\/h5>\n                            <p class=\"card-text\">O Museu Nacional de Antropologia, em Luanda, acolheu a 1.\u00aa Jornada Nacional dos Museus, subordinada ao tema \u201cBoas Pr\u00e1ticas de Gest\u00e3o Museol\u00f3gica\u201d, reunindo directores e t\u00e9cnicos de museus, artistas, curadores e especialistas angolanos e italianos. A iniciativa contou com a participa\u00e7\u00e3o de distintas personalidades italianas ligadas ao sector museol\u00f3gico, entre as quais o Prof. Dr. [&hellip;]<\/p>\n                                <a title=\"1.\u00aa Jornada Nacional dos Museus refor\u00e7a coopera\u00e7\u00e3o cultural entre It\u00e1lia e Angola\" class=\"read-more\" href=\"https:\/\/ambluanda.esteri.it\/pt\/news\/dall_ambasciata\/2026\/05\/prima-giornata-nazionale-dei-musei-rafforza-la-cooperazione-culturale-tra-angola-e-italia\/\">\n                                    <span class=\"text\">Leia mais<\/span>\n                                    <svg class=\"icon\">\n                                    <use xlink:href=\"https:\/\/ambluanda.esteri.it\/wp-content\/themes\/sedi-tema\/assets\/svg\/sprites.svg#it-arrow-right\"><\/use>\n                                    <\/svg>\n                                <\/a>\n                                                    <\/div>\n                    <\/div>\n                <\/div>\n                <!--end card-->\n                <\/div><!-- col-12 .mt-3-->\n            \n            <div class=\"col-md-12 mt-4 pb-4\">\n                <nav class=\"navigation col-md-12\" aria-label=\"Navigation\">\n                    <h2 class=\"screen-reader-text visually-hidden\">Pagina\u00e7\u00e3o<\/h2>\n                    <div class=\"nav-links\">\n                    <span aria-current=\"page\" class=\"page-numbers current\">1<\/span>\n<a class=\"page-numbers\" href=\"https:\/\/ambluanda.esteri.it\/pt\/wp-json\/wp\/v2\/pages\/199\/?pag=2\">2<\/a>\n<a class=\"page-numbers\" href=\"https:\/\/ambluanda.esteri.it\/pt\/wp-json\/wp\/v2\/pages\/199\/?pag=3\">3<\/a>\n<span class=\"page-numbers dots\">&hellip;<\/span>\n<a class=\"page-numbers\" href=\"https:\/\/ambluanda.esteri.it\/pt\/wp-json\/wp\/v2\/pages\/199\/?pag=22\">22<\/a>\n<a class=\"next page-numbers\" href=\"https:\/\/ambluanda.esteri.it\/pt\/wp-json\/wp\/v2\/pages\/199\/?pag=2\"><svg class=\"icon icon-primary\"><use xlink:href=\"https:\/\/ambluanda.esteri.it\/wp-content\/themes\/sedi-tema\/assets\/svg\/sprites.svg#it-chevron-right\"><\/use><\/svg>\n                                    <span class=\"visually-hidden\">Pr\u00f3xima p\u00e1gina<\/span><\/a>                    <\/div>\n                <\/nav>\n            <\/div>   <!--.col-md-12 -->\n              <\/div><!--.row -->\n              \n","protected":false},"excerpt":{"rendered":"","protected":false},"author":1,"featured_media":0,"parent":0,"menu_order":8,"comment_status":"closed","ping_status":"closed","template":"","meta":{"footnotes":""},"class_list":["post-199","page","type-page","status-publish","hentry"],"_links":{"self":[{"href":"https:\/\/ambluanda.esteri.it\/pt\/wp-json\/wp\/v2\/pages\/199","targetHints":{"allow":["GET"]}}],"collection":[{"href":"https:\/\/ambluanda.esteri.it\/pt\/wp-json\/wp\/v2\/pages"}],"about":[{"href":"https:\/\/ambluanda.esteri.it\/pt\/wp-json\/wp\/v2\/types\/page"}],"author":[{"embeddable":true,"href":"https:\/\/ambluanda.esteri.it\/pt\/wp-json\/wp\/v2\/users\/1"}],"replies":[{"embeddable":true,"href":"https:\/\/ambluanda.esteri.it\/pt\/wp-json\/wp\/v2\/comments?post=199"}],"version-history":[{"count":2,"href":"https:\/\/ambluanda.esteri.it\/pt\/wp-json\/wp\/v2\/pages\/199\/revisions"}],"predecessor-version":[{"id":205,"href":"https:\/\/ambluanda.esteri.it\/pt\/wp-json\/wp\/v2\/pages\/199\/revisions\/205"}],"wp:attachment":[{"href":"https:\/\/ambluanda.esteri.it\/pt\/wp-json\/wp\/v2\/media?parent=199"}],"curies":[{"name":"wp","href":"https:\/\/api.w.org\/{rel}","templated":true}]}}