{"id":260,"date":"2023-04-11T18:20:20","date_gmt":"2023-04-11T17:20:20","guid":{"rendered":"https:\/\/ambluanda.esteri.it\/servizi-consolari-e-visti\/servizi-per-il-cittadino-italiano\/codice-fiscale\/"},"modified":"2025-02-05T16:21:06","modified_gmt":"2025-02-05T15:21:06","slug":"codice-fiscale","status":"publish","type":"page","link":"https:\/\/ambluanda.esteri.it\/pt\/servizi-consolari-e-visti\/servizi-per-il-cittadino-italiano\/codice-fiscale\/","title":{"rendered":"N\u00famero de Identifica\u00e7\u00e3o Fiscal"},"content":{"rendered":"<p style=\"text-align: justify;\">O c\u00f3digo fiscal, que constitui o instrumento de identifica\u00e7\u00e3o do cidad\u00e3o nas rela\u00e7\u00f5es com os \u00f3rg\u00e3os e as administra\u00e7\u00f5es p\u00fablicas italianas, \u00e9 emitido pela Ag\u00eancia Tribut\u00e1ria (Agenzie delle Entrate).<\/p>\n<p style=\"text-align: justify;\">Pode ser solicitado no exterior, tanto por italianos quanto por estrangeiros residentes na circunscri\u00e7\u00e3o, atrav\u00e9s da reparti\u00e7\u00e3o consular.<\/p>\n<p style=\"text-align: justify;\">A atribui\u00e7\u00e3o do c\u00f3digo fiscal realiza-se atrav\u00e9s de espec\u00edfica liga\u00e7\u00e3o eletr\u00f3nica com o servi\u00e7o Fiscoline da Ag\u00eancia Tribut\u00e1ria.<\/p>\n<p style=\"text-align: justify;\"><strong>CIDAD\u00c3OS ITALIANOS RESIDENTES REGISTRADOS NA CIRCUNSCRI\u00c7\u00c3O AIRE<\/strong><br \/>\n<strong>A partir de 15 de Julho de 2024, os cidad\u00e3os italianos adultos registados no AIRE (Registro de italianos residentes no exterior) podem solicitar um c\u00f3digo fiscal para si e para os seus filhos menores atrav\u00e9s do portal online Fast-it, acedendo ao servi\u00e7o relativo e seguindo as instru\u00e7\u00f5es. Sempre atrav\u00e9s do portal Fast-it ser\u00e1 poss\u00edvel fazer o download do certificado de comprova\u00e7\u00e3o do c\u00f3digo fiscal, uma vez conclu\u00eddo o processamento do pedido.<\/strong><\/p>\n<p style=\"text-align: justify;\">Para aqueles que desejarem receber o <strong>cart\u00e3o do c\u00f3digo fiscal<\/strong> dever\u00e3o solicitar o c\u00f3digo fiscal e o cart\u00e3o apresentando o seguinte <a href=\"https:\/\/ambluanda.esteri.it\/wp-content\/uploads\/2023\/10\/2022_01_modulo_richiesta_codice_fiscale.pdf\">formul\u00e1rio<\/a> acompanhado de c\u00f3pia de documento de identidade e enviar o pedido para <a href=\"mailto:consolare.luanda@esteri.it\">consolare.luanda@esteri.it<\/a>.<\/p>\n<p><strong>CIDAD\u00c3OS ESTRANGEIROS<\/strong><br \/>\nOs estrangeiros residentes na circunscri\u00e7\u00e3o que necessitem de c\u00f3digo fiscal dever\u00e3o solicitar apresentando um formul\u00e1rio de pedido acompanhado de uma c\u00f3pia de um documento de identidade.<br \/>\nPara submeter o pedido \u00e9 necess\u00e1rio preencher o seguinte <a href=\"https:\/\/ambluanda.esteri.it\/wp-content\/uploads\/2023\/10\/2022_01_modulo_richiesta_codice_fiscale.pdf\">formul\u00e1rio<\/a> e envi\u00e1-lo para <a href=\"mailto:consolare.luanda@esteri.it\">consolare.luanda@esteri.it<\/a>.<\/p>\n<p style=\"text-align: justify;\">O cidad\u00e3o estrangeiro n\u00e3o comunit\u00e1rio que necessite do c\u00f3digo fiscal para um procedimento junto da Administra\u00e7\u00e3o P\u00fablica italiana, para o qual seja solicitado, al\u00e9m do c\u00f3digo fiscal, tamb\u00e9m a entrada e presen\u00e7a em It\u00e1lia, dever\u00e1 solicitar a atribui\u00e7\u00e3o do C\u00f3digo Fiscal em It\u00e1lia, no Balc\u00e3o \u00danico de Imigra\u00e7\u00e3o ou na Esquadra de Pol\u00edcia no momento da solicita\u00e7\u00e3o da autoriza\u00e7\u00e3o de resid\u00eancia (conforme evidenciado no Mini guia do c\u00f3digo fiscal para estrangeiros, publicado pela Ag\u00eancia Tribut\u00e1ria em 18 idiomas. <a href=\"https:\/\/www.agenziaentrate.gov.it\/portale\/web\/guest\/mini-guida-codice-fiscale-per-stranieri\">Mini guia do c\u00f3digo fiscal para estrangeiros &#8211; Agenzia delle Entrate &#8211; agenziaentrate.gov.it<\/a>).<\/p>\n<p style=\"text-align: justify;\">O cidad\u00e3o estrangeiro que necessite do c\u00f3digo fiscal para iniciar um processo judicial em It\u00e1lia poder\u00e1 incluir entre as credenciais\/procura\u00e7\u00f5es atribu\u00eddas ao advogado a quem confia a incumb\u00eancia de solicitar o C\u00f3digo Fiscal junto de qualquer escrit\u00f3rio da Ag\u00eancia Tribut\u00e1ria; os endere\u00e7os dos escrit\u00f3rios da Ag\u00eancia Tribut\u00e1ria podem ser encontrados no site <a href=\"http:\/\/www.agenziaentrate.it\">www.agenziaentrate.it<\/a>.<\/p>\n","protected":false},"excerpt":{"rendered":"O c\u00f3digo fiscal, que constitui o instrumento de identifica\u00e7\u00e3o do cidad\u00e3o nas rela\u00e7\u00f5es com os \u00f3rg\u00e3os e as administra\u00e7\u00f5es p\u00fablicas italianas, \u00e9 emitido pela Ag\u00eancia Tribut\u00e1ria (Agenzie delle Entrate). Pode ser solicitado no exterior, tanto por italianos quanto por estrangeiros residentes na circunscri\u00e7\u00e3o, atrav\u00e9s da reparti\u00e7\u00e3o consular. A atribui\u00e7\u00e3o do c\u00f3digo fiscal realiza-se atrav\u00e9s de [&hellip;]","protected":false},"author":1,"featured_media":0,"parent":218,"menu_order":18,"comment_status":"closed","ping_status":"closed","template":"","meta":{"footnotes":""},"class_list":["post-260","page","type-page","status-publish","hentry"],"_links":{"self":[{"href":"https:\/\/ambluanda.esteri.it\/pt\/wp-json\/wp\/v2\/pages\/260","targetHints":{"allow":["GET"]}}],"collection":[{"href":"https:\/\/ambluanda.esteri.it\/pt\/wp-json\/wp\/v2\/pages"}],"about":[{"href":"https:\/\/ambluanda.esteri.it\/pt\/wp-json\/wp\/v2\/types\/page"}],"author":[{"embeddable":true,"href":"https:\/\/ambluanda.esteri.it\/pt\/wp-json\/wp\/v2\/users\/1"}],"replies":[{"embeddable":true,"href":"https:\/\/ambluanda.esteri.it\/pt\/wp-json\/wp\/v2\/comments?post=260"}],"version-history":[{"count":5,"href":"https:\/\/ambluanda.esteri.it\/pt\/wp-json\/wp\/v2\/pages\/260\/revisions"}],"predecessor-version":[{"id":2446,"href":"https:\/\/ambluanda.esteri.it\/pt\/wp-json\/wp\/v2\/pages\/260\/revisions\/2446"}],"up":[{"embeddable":true,"href":"https:\/\/ambluanda.esteri.it\/pt\/wp-json\/wp\/v2\/pages\/218"}],"wp:attachment":[{"href":"https:\/\/ambluanda.esteri.it\/pt\/wp-json\/wp\/v2\/media?parent=260"}],"curies":[{"name":"wp","href":"https:\/\/api.w.org\/{rel}","templated":true}]}}